{"id":19644,"date":"2024-07-01T02:35:00","date_gmt":"2024-07-01T00:35:00","guid":{"rendered":"https:\/\/grupoyllaconza.pe\/?post_type=product&#038;p=19644"},"modified":"2024-07-01T02:35:16","modified_gmt":"2024-07-01T00:35:16","slug":"espiral-porta-cable-14-negro","status":"publish","type":"product","link":"https:\/\/grupoyllaconza.pe\/index.php\/product\/espiral-porta-cable-14-negro\/","title":{"rendered":"ESPIRAL PORTA CABLE #14 &#8211; NEGRO"},"content":{"rendered":"<p><strong>ESPIRAL PORTA CABLE #14 &#8211; NEGRO<\/strong><\/p>\n<ul>\n<li>Uso: fije primero un extremo con el cintur\u00f3n de seguridad. Luego haga un c\u00edrculo alrededor de los cables en el sentido de las agujas del reloj para apretarlos.<\/li>\n<li>Aplicaci\u00f3n: protecci\u00f3n para el desgaste de cables el\u00e9ctricos, los hace aislantes y se ven agradables.<\/li>\n<\/ul>\n<p><a href=\"https:\/\/grupoyllaconza.com.pe\/product-category\/espiral-portacable-negro\/\">MAS ESPIRALES<\/a><\/p>\n","protected":false},"excerpt":{"rendered":"<p>ESPIRAL PORTA CABLE #14 &#8211; NEGRO: Dise\u00f1ados para organizaci\u00f3n y ruteo de cables en paneles de control, tableros el\u00e9ctricos e instalaciones el\u00e9ctricas en oficinas.<\/p>\n<p><a href=\"https:\/\/grupoyllaconza.com.pe\/wp-content\/uploads\/2023\/04\/FICHA-TECNICA-espirales-blanco-y-negro.pdf\" target=\"_blank\" rel=\"noopener\"><img decoding=\"async\" class=\"alignleft wp-image-11168\" src=\"http:\/\/grupoyllaconza.com.pe\/wp-content\/uploads\/2021\/01\/botoon-300x98.png\" alt=\"\" width=\"242\" height=\"79\" \/><\/a><\/p>\n","protected":false},"featured_media":19633,"comment_status":"closed","ping_status":"closed","template":"","meta":{"_monsterinsights_skip_tracking":false},"product_brand":[],"product_cat":[306],"product_tag":[],"class_list":["post-19644","product","type-product","status-publish","has-post-thumbnail","product_cat-espiral-portacable-negro","first","instock","shipping-taxable","purchasable","product-type-variable","has-default-attributes","add-to-wishlist-after_add_to_cart"],"aioseo_notices":[],"aioseo_head":"\n\t\t<!-- All in One SEO 5.0.0.1 - aioseo.com -->\n\t<meta name=\"description\" content=\"ESPIRAL PORTA CABLE #14 - NEGRO: Dise\u00f1ados para organizaci\u00f3n y ruteo de cables en paneles de control, tableros el\u00e9ctricos e instalaciones el\u00e9ctricas en oficinas.\" \/>\n\t<meta name=\"robots\" content=\"max-image-preview:large\" \/>\n\t<link rel=\"canonical\" href=\"https:\/\/grupoyllaconza.pe\/index.php\/product\/espiral-porta-cable-14-negro\/\" \/>\n\t<meta name=\"generator\" content=\"All in One SEO (AIOSEO) 5.0.0.1\" \/>\n\t\t<meta property=\"og:locale\" content=\"es_ES\" \/>\n\t\t<meta property=\"og:site_name\" content=\"Grupo Yllaconza - Sitio Web\" \/>\n\t\t<meta property=\"og:type\" content=\"article\" \/>\n\t\t<meta property=\"og:title\" content=\"ESPIRAL PORTA CABLE #14 \u2013 NEGRO - Grupo Yllaconza\" \/>\n\t\t<meta property=\"og:description\" content=\"ESPIRAL PORTA CABLE #14 - NEGRO: Dise\u00f1ados para organizaci\u00f3n y ruteo de cables en paneles de control, tableros el\u00e9ctricos e instalaciones el\u00e9ctricas en oficinas.\" \/>\n\t\t<meta property=\"og:url\" content=\"https:\/\/grupoyllaconza.pe\/index.php\/product\/espiral-porta-cable-14-negro\/\" \/>\n\t\t<meta property=\"article:published_time\" content=\"2024-07-01T00:35:00+00:00\" \/>\n\t\t<meta property=\"article:modified_time\" content=\"2024-07-01T00:35:16+00:00\" \/>\n\t\t<meta name=\"twitter:card\" content=\"summary_large_image\" \/>\n\t\t<meta name=\"twitter:title\" content=\"ESPIRAL PORTA CABLE #14 \u2013 NEGRO - Grupo Yllaconza\" \/>\n\t\t<meta name=\"twitter:description\" content=\"ESPIRAL PORTA CABLE #14 - NEGRO: Dise\u00f1ados para organizaci\u00f3n y ruteo de cables en paneles de control, tableros el\u00e9ctricos e instalaciones el\u00e9ctricas en oficinas.\" \/>\n\t\t<script type=\"application\/ld+json\" class=\"aioseo-schema\">\n\t\t\t{\"@context\":\"https:\\\/\\\/schema.org\",\"@graph\":[{\"@type\":\"BreadcrumbList\",\"@id\":\"https:\\\/\\\/grupoyllaconza.pe\\\/index.php\\\/product\\\/espiral-porta-cable-14-negro\\\/#breadcrumblist\",\"itemListElement\":[{\"@type\":\"ListItem\",\"@id\":\"https:\\\/\\\/grupoyllaconza.pe#listItem\",\"position\":1,\"name\":\"Home\",\"item\":\"https:\\\/\\\/grupoyllaconza.pe\",\"nextItem\":{\"@type\":\"ListItem\",\"@id\":\"https:\\\/\\\/grupoyllaconza.pe\\\/index.php\\\/shop-2\\\/#listItem\",\"name\":\"Shop Page\"}},{\"@type\":\"ListItem\",\"@id\":\"https:\\\/\\\/grupoyllaconza.pe\\\/index.php\\\/shop-2\\\/#listItem\",\"position\":2,\"name\":\"Shop Page\",\"item\":\"https:\\\/\\\/grupoyllaconza.pe\\\/index.php\\\/shop-2\\\/\",\"nextItem\":{\"@type\":\"ListItem\",\"@id\":\"https:\\\/\\\/grupoyllaconza.pe\\\/index.php\\\/product-category\\\/espiral-portacable-negro\\\/#listItem\",\"name\":\"ESPIRAL PORTACABLE NEGRO\"},\"previousItem\":{\"@type\":\"ListItem\",\"@id\":\"https:\\\/\\\/grupoyllaconza.pe#listItem\",\"name\":\"Home\"}},{\"@type\":\"ListItem\",\"@id\":\"https:\\\/\\\/grupoyllaconza.pe\\\/index.php\\\/product-category\\\/espiral-portacable-negro\\\/#listItem\",\"position\":3,\"name\":\"ESPIRAL PORTACABLE NEGRO\",\"item\":\"https:\\\/\\\/grupoyllaconza.pe\\\/index.php\\\/product-category\\\/espiral-portacable-negro\\\/\",\"nextItem\":{\"@type\":\"ListItem\",\"@id\":\"https:\\\/\\\/grupoyllaconza.pe\\\/index.php\\\/product\\\/espiral-porta-cable-14-negro\\\/#listItem\",\"name\":\"ESPIRAL PORTA CABLE #14 &#8211; NEGRO\"},\"previousItem\":{\"@type\":\"ListItem\",\"@id\":\"https:\\\/\\\/grupoyllaconza.pe\\\/index.php\\\/shop-2\\\/#listItem\",\"name\":\"Shop Page\"}},{\"@type\":\"ListItem\",\"@id\":\"https:\\\/\\\/grupoyllaconza.pe\\\/index.php\\\/product\\\/espiral-porta-cable-14-negro\\\/#listItem\",\"position\":4,\"name\":\"ESPIRAL PORTA CABLE #14 &#8211; NEGRO\",\"previousItem\":{\"@type\":\"ListItem\",\"@id\":\"https:\\\/\\\/grupoyllaconza.pe\\\/index.php\\\/product-category\\\/espiral-portacable-negro\\\/#listItem\",\"name\":\"ESPIRAL PORTACABLE NEGRO\"}}]},{\"@type\":\"ItemPage\",\"@id\":\"https:\\\/\\\/grupoyllaconza.pe\\\/index.php\\\/product\\\/espiral-porta-cable-14-negro\\\/#itempage\",\"url\":\"https:\\\/\\\/grupoyllaconza.pe\\\/index.php\\\/product\\\/espiral-porta-cable-14-negro\\\/\",\"name\":\"ESPIRAL PORTA CABLE #14 \\u2013 NEGRO - Grupo Yllaconza\",\"description\":\"ESPIRAL PORTA CABLE #14 - NEGRO: Dise\\u00f1ados para organizaci\\u00f3n y ruteo de cables en paneles de control, tableros el\\u00e9ctricos e instalaciones el\\u00e9ctricas en oficinas.\",\"inLanguage\":\"es-ES\",\"isPartOf\":{\"@id\":\"https:\\\/\\\/grupoyllaconza.pe\\\/#website\"},\"breadcrumb\":{\"@id\":\"https:\\\/\\\/grupoyllaconza.pe\\\/index.php\\\/product\\\/espiral-porta-cable-14-negro\\\/#breadcrumblist\"},\"image\":{\"@type\":\"ImageObject\",\"url\":\"https:\\\/\\\/grupoyllaconza.pe\\\/wp-content\\\/uploads\\\/2024\\\/07\\\/ESPIRAL-NEGRO-EMECX.jpg\",\"@id\":\"https:\\\/\\\/grupoyllaconza.pe\\\/index.php\\\/product\\\/espiral-porta-cable-14-negro\\\/#mainImage\",\"width\":1000,\"height\":1000},\"primaryImageOfPage\":{\"@id\":\"https:\\\/\\\/grupoyllaconza.pe\\\/index.php\\\/product\\\/espiral-porta-cable-14-negro\\\/#mainImage\"},\"datePublished\":\"2024-07-01T02:35:00+02:00\",\"dateModified\":\"2024-07-01T02:35:16+02:00\"},{\"@type\":\"Organization\",\"@id\":\"https:\\\/\\\/grupoyllaconza.pe\\\/#organization\",\"name\":\"Grupo Yllaconza\",\"description\":\"Sitio Web\",\"url\":\"https:\\\/\\\/grupoyllaconza.pe\\\/\"},{\"@type\":\"WebSite\",\"@id\":\"https:\\\/\\\/grupoyllaconza.pe\\\/#website\",\"url\":\"https:\\\/\\\/grupoyllaconza.pe\\\/\",\"name\":\"Grupo Yllaconza\",\"description\":\"Sitio Web\",\"inLanguage\":\"es-ES\",\"publisher\":{\"@id\":\"https:\\\/\\\/grupoyllaconza.pe\\\/#organization\"}}]}\n\t\t<\/script>\n\t\t<!-- All in One SEO -->\n\n","aioseo_head_json":{"title":"ESPIRAL PORTA CABLE #14 \u2013 NEGRO - Grupo Yllaconza","description":"ESPIRAL PORTA CABLE #14 - NEGRO: Dise\u00f1ados para organizaci\u00f3n y ruteo de cables en paneles de control, tableros el\u00e9ctricos e instalaciones el\u00e9ctricas en oficinas.","canonical_url":"https:\/\/grupoyllaconza.pe\/index.php\/product\/espiral-porta-cable-14-negro\/","robots":"max-image-preview:large","keywords":"","webmasterTools":{"miscellaneous":""},"schema":{"@context":"https:\/\/schema.org","@graph":[{"@type":"BreadcrumbList","@id":"https:\/\/grupoyllaconza.pe\/index.php\/product\/espiral-porta-cable-14-negro\/#breadcrumblist","itemListElement":[{"@type":"ListItem","@id":"https:\/\/grupoyllaconza.pe#listItem","position":1,"name":"Home","item":"https:\/\/grupoyllaconza.pe","nextItem":{"@type":"ListItem","@id":"https:\/\/grupoyllaconza.pe\/index.php\/shop-2\/#listItem","name":"Shop Page"}},{"@type":"ListItem","@id":"https:\/\/grupoyllaconza.pe\/index.php\/shop-2\/#listItem","position":2,"name":"Shop Page","item":"https:\/\/grupoyllaconza.pe\/index.php\/shop-2\/","nextItem":{"@type":"ListItem","@id":"https:\/\/grupoyllaconza.pe\/index.php\/product-category\/espiral-portacable-negro\/#listItem","name":"ESPIRAL PORTACABLE NEGRO"},"previousItem":{"@type":"ListItem","@id":"https:\/\/grupoyllaconza.pe#listItem","name":"Home"}},{"@type":"ListItem","@id":"https:\/\/grupoyllaconza.pe\/index.php\/product-category\/espiral-portacable-negro\/#listItem","position":3,"name":"ESPIRAL PORTACABLE NEGRO","item":"https:\/\/grupoyllaconza.pe\/index.php\/product-category\/espiral-portacable-negro\/","nextItem":{"@type":"ListItem","@id":"https:\/\/grupoyllaconza.pe\/index.php\/product\/espiral-porta-cable-14-negro\/#listItem","name":"ESPIRAL PORTA CABLE #14 &#8211; NEGRO"},"previousItem":{"@type":"ListItem","@id":"https:\/\/grupoyllaconza.pe\/index.php\/shop-2\/#listItem","name":"Shop Page"}},{"@type":"ListItem","@id":"https:\/\/grupoyllaconza.pe\/index.php\/product\/espiral-porta-cable-14-negro\/#listItem","position":4,"name":"ESPIRAL PORTA CABLE #14 &#8211; NEGRO","previousItem":{"@type":"ListItem","@id":"https:\/\/grupoyllaconza.pe\/index.php\/product-category\/espiral-portacable-negro\/#listItem","name":"ESPIRAL PORTACABLE NEGRO"}}]},{"@type":"ItemPage","@id":"https:\/\/grupoyllaconza.pe\/index.php\/product\/espiral-porta-cable-14-negro\/#itempage","url":"https:\/\/grupoyllaconza.pe\/index.php\/product\/espiral-porta-cable-14-negro\/","name":"ESPIRAL PORTA CABLE #14 \u2013 NEGRO - Grupo Yllaconza","description":"ESPIRAL PORTA CABLE #14 - NEGRO: Dise\u00f1ados para organizaci\u00f3n y ruteo de cables en paneles de control, tableros el\u00e9ctricos e instalaciones el\u00e9ctricas en oficinas.","inLanguage":"es-ES","isPartOf":{"@id":"https:\/\/grupoyllaconza.pe\/#website"},"breadcrumb":{"@id":"https:\/\/grupoyllaconza.pe\/index.php\/product\/espiral-porta-cable-14-negro\/#breadcrumblist"},"image":{"@type":"ImageObject","url":"https:\/\/grupoyllaconza.pe\/wp-content\/uploads\/2024\/07\/ESPIRAL-NEGRO-EMECX.jpg","@id":"https:\/\/grupoyllaconza.pe\/index.php\/product\/espiral-porta-cable-14-negro\/#mainImage","width":1000,"height":1000},"primaryImageOfPage":{"@id":"https:\/\/grupoyllaconza.pe\/index.php\/product\/espiral-porta-cable-14-negro\/#mainImage"},"datePublished":"2024-07-01T02:35:00+02:00","dateModified":"2024-07-01T02:35:16+02:00"},{"@type":"Organization","@id":"https:\/\/grupoyllaconza.pe\/#organization","name":"Grupo Yllaconza","description":"Sitio Web","url":"https:\/\/grupoyllaconza.pe\/"},{"@type":"WebSite","@id":"https:\/\/grupoyllaconza.pe\/#website","url":"https:\/\/grupoyllaconza.pe\/","name":"Grupo Yllaconza","description":"Sitio Web","inLanguage":"es-ES","publisher":{"@id":"https:\/\/grupoyllaconza.pe\/#organization"}}]},"og:locale":"es_ES","og:site_name":"Grupo Yllaconza - Sitio Web","og:type":"article","og:title":"ESPIRAL PORTA CABLE #14 \u2013 NEGRO - Grupo Yllaconza","og:description":"ESPIRAL PORTA CABLE #14 - NEGRO: Dise\u00f1ados para organizaci\u00f3n y ruteo de cables en paneles de control, tableros el\u00e9ctricos e instalaciones el\u00e9ctricas en oficinas.","og:url":"https:\/\/grupoyllaconza.pe\/index.php\/product\/espiral-porta-cable-14-negro\/","article:published_time":"2024-07-01T00:35:00+00:00","article:modified_time":"2024-07-01T00:35:16+00:00","twitter:card":"summary_large_image","twitter:title":"ESPIRAL PORTA CABLE #14 \u2013 NEGRO - Grupo Yllaconza","twitter:description":"ESPIRAL PORTA CABLE #14 - NEGRO: Dise\u00f1ados para organizaci\u00f3n y ruteo de cables en paneles de control, tableros el\u00e9ctricos e instalaciones el\u00e9ctricas en oficinas."},"aioseo_meta_data":{"post_id":"19644","title":null,"description":null,"keywords":null,"keyphrases":null,"primary_term":null,"canonical_url":null,"og_title":null,"og_description":null,"og_object_type":"default","og_image_type":"default","og_image_url":null,"og_image_width":null,"og_image_height":null,"og_image_custom_url":null,"og_image_custom_fields":null,"og_video":null,"og_custom_url":null,"og_article_section":null,"og_article_tags":null,"twitter_use_og":false,"twitter_card":"default","twitter_image_type":"default","twitter_image_url":null,"twitter_image_custom_url":null,"twitter_image_custom_fields":null,"twitter_title":null,"twitter_description":null,"schema":{"blockGraphs":[],"customGraphs":[],"default":{"data":{"Article":[],"Course":[],"Dataset":[],"FAQPage":[],"Movie":[],"Person":[],"Product":[],"ProductReview":[],"Car":[],"Recipe":[],"Service":[],"SoftwareApplication":[],"WebPage":[]},"graphName":"","isEnabled":true},"graphs":[]},"schema_type":"default","schema_type_options":null,"pillar_content":false,"robots_default":true,"robots_noindex":false,"robots_noarchive":false,"robots_nosnippet":false,"robots_nofollow":false,"robots_noimageindex":false,"robots_noodp":false,"robots_notranslate":false,"robots_max_snippet":null,"robots_max_videopreview":null,"robots_max_imagepreview":"large","priority":null,"frequency":null,"local_seo":null,"limit_modified_date":false,"created":"2024-07-01 02:57:49","updated":"2026-06-19 21:31:31","ai":null,"breadcrumb_settings":null,"seo_analyzer_scan_date":null,"focus_keyword":null,"additional_keywords":null,"truseo_locale":null},"aioseo_breadcrumb":"<div class=\"aioseo-breadcrumbs\"><span class=\"aioseo-breadcrumb\">\n\t\t\t<a href=\"https:\/\/grupoyllaconza.pe\" title=\"Home\">Home<\/a>\n\t\t<\/span><span class=\"aioseo-breadcrumb-separator\">&raquo;<\/span><span class=\"aioseo-breadcrumb\">\n\t\t\t<a href=\"https:\/\/grupoyllaconza.pe\/index.php\/shop-2\/\" title=\"Shop Page\">Shop Page<\/a>\n\t\t<\/span><span class=\"aioseo-breadcrumb-separator\">&raquo;<\/span><span class=\"aioseo-breadcrumb\">\n\t\t\t<a href=\"https:\/\/grupoyllaconza.pe\/index.php\/product-category\/espiral-portacable-negro\/\" title=\"ESPIRAL PORTACABLE NEGRO\">ESPIRAL PORTACABLE NEGRO<\/a>\n\t\t<\/span><span class=\"aioseo-breadcrumb-separator\">&raquo;<\/span><span class=\"aioseo-breadcrumb\">\n\t\t\tESPIRAL PORTA CABLE #14 \u2013 NEGRO\n\t\t<\/span><\/div>","aioseo_breadcrumb_json":[{"label":"Home","link":"https:\/\/grupoyllaconza.pe"},{"label":"Shop Page","link":"https:\/\/grupoyllaconza.pe\/index.php\/shop-2\/"},{"label":"ESPIRAL PORTACABLE NEGRO","link":"https:\/\/grupoyllaconza.pe\/index.php\/product-category\/espiral-portacable-negro\/"},{"label":"ESPIRAL PORTA CABLE #14 &#8211; NEGRO","link":"https:\/\/grupoyllaconza.pe\/index.php\/product\/espiral-porta-cable-14-negro\/"}],"_links":{"self":[{"href":"https:\/\/grupoyllaconza.pe\/index.php\/wp-json\/wp\/v2\/product\/19644","targetHints":{"allow":["GET"]}}],"collection":[{"href":"https:\/\/grupoyllaconza.pe\/index.php\/wp-json\/wp\/v2\/product"}],"about":[{"href":"https:\/\/grupoyllaconza.pe\/index.php\/wp-json\/wp\/v2\/types\/product"}],"replies":[{"embeddable":true,"href":"https:\/\/grupoyllaconza.pe\/index.php\/wp-json\/wp\/v2\/comments?post=19644"}],"wp:featuredmedia":[{"embeddable":true,"href":"https:\/\/grupoyllaconza.pe\/index.php\/wp-json\/wp\/v2\/media\/19633"}],"wp:attachment":[{"href":"https:\/\/grupoyllaconza.pe\/index.php\/wp-json\/wp\/v2\/media?parent=19644"}],"wp:term":[{"taxonomy":"product_brand","embeddable":true,"href":"https:\/\/grupoyllaconza.pe\/index.php\/wp-json\/wp\/v2\/product_brand?post=19644"},{"taxonomy":"product_cat","embeddable":true,"href":"https:\/\/grupoyllaconza.pe\/index.php\/wp-json\/wp\/v2\/product_cat?post=19644"},{"taxonomy":"product_tag","embeddable":true,"href":"https:\/\/grupoyllaconza.pe\/index.php\/wp-json\/wp\/v2\/product_tag?post=19644"}],"curies":[{"name":"wp","href":"https:\/\/api.w.org\/{rel}","templated":true}]}}